{"id":1640,"date":"2025-01-04T00:33:02","date_gmt":"2025-01-04T00:33:02","guid":{"rendered":"https:\/\/www.durapalm.com\/?page_id=1640"},"modified":"2025-02-07T00:23:09","modified_gmt":"2025-02-07T00:23:09","slug":"palm-wood-furniture-history","status":"publish","type":"page","link":"https:\/\/www.durapalm.com\/es\/palm-wood-furniture-history\/","title":{"rendered":"Historia de los muebles de madera de palma"},"content":{"rendered":"<div data-elementor-type=\"wp-page\" data-elementor-id=\"1640\" class=\"elementor elementor-1640\" data-elementor-post-type=\"page\">\n\t\t\t\t<div class=\"elementor-element elementor-element-201c9d3 e-con-full e-flex e-con e-parent\" data-id=\"201c9d3\" data-element_type=\"container\" data-e-type=\"container\" data-settings=\"{&quot;background_background&quot;:&quot;classic&quot;}\">\n\t\t\t\t<div class=\"elementor-element elementor-element-4c9b795 elementor-widget__width-initial elementor-widget elementor-widget-heading\" data-id=\"4c9b795\" data-element_type=\"widget\" data-e-type=\"widget\" data-widget_type=\"heading.default\">\n\t\t\t\t<div class=\"elementor-widget-container\">\n\t\t\t\t\t<h1 class=\"elementor-heading-title elementor-size-default\">La historia de la madera de palma en el dise\u00f1o de muebles occidentales<\/h1>\t\t\t\t<\/div>\n\t\t\t\t<\/div>\n\t\t\t\t<\/div>\n\t\t<div class=\"elementor-element elementor-element-9443cb8 e-flex e-con-boxed e-con e-parent\" data-id=\"9443cb8\" data-element_type=\"container\" data-e-type=\"container\">\n\t\t\t\t\t<div class=\"e-con-inner\">\n\t\t\t\t<div class=\"elementor-element elementor-element-cc1c9b2 elementor-widget elementor-widget-text-editor\" data-id=\"cc1c9b2\" data-element_type=\"widget\" data-e-type=\"widget\" data-widget_type=\"text-editor.default\">\n\t\t\t\t<div class=\"elementor-widget-container\">\n\t\t\t\t\t\t\t\t\t<p>El movimiento Art D\u00e9co, que comenz\u00f3 en Par\u00eds en 1925, influy\u00f3 profundamente en disciplinas creativas que van desde la arquitectura y el transporte hasta el dise\u00f1o de muebles. Tambi\u00e9n marc\u00f3 el comienzo de un periodo de innovaci\u00f3n en los materiales, tanto naturales como artificiales. Entre ellos, la madera de palma surgi\u00f3 como una nueva y excitante opci\u00f3n, defendida por uno de los dise\u00f1adores de muebles m\u00e1s influyentes de la \u00e9poca, Eug\u00e8ne Printz (1889-1948).<\/p><p>En la actualidad, los fabricantes de muebles contempor\u00e1neos siguen explorando el potencial de la madera de palma, inspir\u00e1ndose en el movimiento Art D\u00e9co y ampliando los l\u00edmites del dise\u00f1o moderno. Con casi un siglo de historia en el dise\u00f1o de muebles occidentales, las siguientes im\u00e1genes muestran la versatilidad de este material tropical vibrante, sostenible y a\u00fan poco com\u00fan, y ofrecen inspiraci\u00f3n para futuras posibilidades.<\/p>\t\t\t\t\t\t\t\t<\/div>\n\t\t\t\t<\/div>\n\t\t\t\t\t<\/div>\n\t\t\t\t<\/div>\n\t\t<div class=\"elementor-element elementor-element-35a69f0 e-flex e-con-boxed e-con e-parent\" data-id=\"35a69f0\" data-element_type=\"container\" data-e-type=\"container\">\n\t\t\t\t\t<div class=\"e-con-inner\">\n\t\t\t\t<div class=\"elementor-element elementor-element-ee85fb3 elementor-widget elementor-widget-gallery\" data-id=\"ee85fb3\" data-element_type=\"widget\" data-e-type=\"widget\" data-settings=\"{&quot;gallery_layout&quot;:&quot;masonry&quot;,&quot;columns&quot;:3,&quot;overlay_title&quot;:&quot;title&quot;,&quot;overlay_description&quot;:&quot;caption&quot;,&quot;content_hover_animation&quot;:&quot;enter-from-bottom&quot;,&quot;lazyload&quot;:&quot;yes&quot;,&quot;columns_tablet&quot;:2,&quot;columns_mobile&quot;:1,&quot;gap&quot;:{&quot;unit&quot;:&quot;px&quot;,&quot;size&quot;:10,&quot;sizes&quot;:[]},&quot;gap_tablet&quot;:{&quot;unit&quot;:&quot;px&quot;,&quot;size&quot;:10,&quot;sizes&quot;:[]},&quot;gap_mobile&quot;:{&quot;unit&quot;:&quot;px&quot;,&quot;size&quot;:10,&quot;sizes&quot;:[]},&quot;link_to&quot;:&quot;file&quot;,&quot;overlay_background&quot;:&quot;yes&quot;}\" data-widget_type=\"gallery.default\">\n\t\t\t\t<div class=\"elementor-widget-container\">\n\t\t\t\t\t\t\t<div class=\"elementor-gallery__container\">\n\t\t\t\t\t\t\t<a class=\"e-gallery-item elementor-gallery-item elementor-animated-content\" href=\"https:\/\/www.durapalm.com\/wp-content\/uploads\/2025\/01\/Photo1.jpg\" data-elementor-open-lightbox=\"yes\" data-elementor-lightbox-slideshow=\"ee85fb3\" data-e-action-hash=\"#elementor-action%3Aaction%3Dlightbox%26settings%3DeyJpZCI6MTY0NywidXJsIjoiaHR0cHM6XC9cL3d3dy5kdXJhcGFsbS5jb21cL3dwLWNvbnRlbnRcL3VwbG9hZHNcLzIwMjVcLzAxXC9QaG90bzEuanBnIiwic2xpZGVzaG93IjoiZWU4NWZiMyJ9\">\n\t\t\t\t\t<div class=\"e-gallery-image elementor-gallery-item__image\" data-thumbnail=\"https:\/\/www.durapalm.com\/wp-content\/uploads\/2025\/01\/Photo1.jpg\" data-width=\"781\" data-height=\"1024\" aria-label=\"\" role=\"img\" ><\/div>\n\t\t\t\t\t\t\t\t\t\t\t<div class=\"elementor-gallery-item__overlay\"><\/div>\n\t\t\t\t\t\t\t\t\t\t\t\t\t\t\t<div class=\"elementor-gallery-item__content\">\n\t\t\t\t\t\t\t\t\t\t\t\t\t\t<div class=\"elementor-gallery-item__title\">\n\t\t\t\t\t\t\t\t\t\t\t\t\t\t\t\t\t\tMansi\u00f3n de Marshall Lyautey - Exposici\u00f3n colonial Par\u00eds, Francia 1931\t\t\t\t\t\t\t\t<\/div>\n\t\t\t\t\t\t\t\t\t\t\t\t\t\t\t<div class=\"elementor-gallery-item__description\">\n\t\t\t\t\t\t\t\t\t\t\t\t\t\t\t\t\t\tA petici\u00f3n de Herbert Lyautey, Residente General del Protectorado franc\u00e9s\nEn Marruecos<br>\nArquitecto Albert Laprade 1883-1978<br>\nMuebles Eugene Printz<br>\n(Colecci\u00f3n privada\/Bridgeman Images)\t\t\t\t\t\t\t\t<\/div>\n\t\t\t\t\t\t\t\t\t\t\t\t<\/div>\n\t\t\t\t\t\t\t\t\t<\/a>\n\t\t\t\t\t\t\t<a class=\"e-gallery-item elementor-gallery-item elementor-animated-content\" href=\"https:\/\/www.durapalm.com\/wp-content\/uploads\/2025\/01\/photo2-v2.jpg\" data-elementor-open-lightbox=\"yes\" data-elementor-lightbox-slideshow=\"ee85fb3\" data-e-action-hash=\"#elementor-action%3Aaction%3Dlightbox%26settings%3DeyJpZCI6MTY1MiwidXJsIjoiaHR0cHM6XC9cL3d3dy5kdXJhcGFsbS5jb21cL3dwLWNvbnRlbnRcL3VwbG9hZHNcLzIwMjVcLzAxXC9waG90bzItdjIuanBnIiwic2xpZGVzaG93IjoiZWU4NWZiMyJ9\">\n\t\t\t\t\t<div class=\"e-gallery-image elementor-gallery-item__image\" data-thumbnail=\"https:\/\/www.durapalm.com\/wp-content\/uploads\/2025\/01\/photo2-v2.jpg\" data-width=\"800\" data-height=\"800\" aria-label=\"\" role=\"img\" ><\/div>\n\t\t\t\t\t\t\t\t\t\t\t<div class=\"elementor-gallery-item__overlay\"><\/div>\n\t\t\t\t\t\t\t\t\t\t\t\t\t\t\t<div class=\"elementor-gallery-item__content\">\n\t\t\t\t\t\t\t\t\t\t\t\t\t\t<div class=\"elementor-gallery-item__title\">\n\t\t\t\t\t\t\t\t\t\t\t\t\t\t\t\t\t\tEscritorio, circa 1925\t\t\t\t\t\t\t\t<\/div>\n\t\t\t\t\t\t\t\t\t\t\t\t\t\t\t<div class=\"elementor-gallery-item__description\">\n\t\t\t\t\t\t\t\t\t\t\t\t\t\t\t\t\t\tEugene Printz<br>\n(Colecci\u00f3n privada\/Bridgeman Images)\t\t\t\t\t\t\t\t<\/div>\n\t\t\t\t\t\t\t\t\t\t\t\t<\/div>\n\t\t\t\t\t\t\t\t\t<\/a>\n\t\t\t\t\t\t\t<a class=\"e-gallery-item elementor-gallery-item elementor-animated-content\" href=\"https:\/\/www.durapalm.com\/wp-content\/uploads\/2025\/01\/photo3-e1615266539267-1.jpg\" data-elementor-open-lightbox=\"yes\" data-elementor-lightbox-slideshow=\"ee85fb3\" data-e-action-hash=\"#elementor-action%3Aaction%3Dlightbox%26settings%3DeyJpZCI6MTY2NCwidXJsIjoiaHR0cHM6XC9cL3d3dy5kdXJhcGFsbS5jb21cL3dwLWNvbnRlbnRcL3VwbG9hZHNcLzIwMjVcLzAxXC9waG90bzMtZTE2MTUyNjY1MzkyNjctMS5qcGciLCJzbGlkZXNob3ciOiJlZTg1ZmIzIn0%3D\">\n\t\t\t\t\t<div class=\"e-gallery-image elementor-gallery-item__image\" data-thumbnail=\"https:\/\/www.durapalm.com\/wp-content\/uploads\/2025\/01\/photo3-e1615266539267-1.jpg\" data-width=\"775\" data-height=\"698\" aria-label=\"\" role=\"img\" ><\/div>\n\t\t\t\t\t\t\t\t\t\t\t<div class=\"elementor-gallery-item__overlay\"><\/div>\n\t\t\t\t\t\t\t\t\t\t\t\t\t\t\t<div class=\"elementor-gallery-item__content\">\n\t\t\t\t\t\t\t\t\t\t\t\t\t\t<div class=\"elementor-gallery-item__title\">\n\t\t\t\t\t\t\t\t\t\t\t\t\t\t\t\t\t\tJuego de sillas, Circa 1930\t\t\t\t\t\t\t\t<\/div>\n\t\t\t\t\t\t\t\t\t\t\t\t\t\t\t<div class=\"elementor-gallery-item__description\">\n\t\t\t\t\t\t\t\t\t\t\t\t\t\t\t\t\t\tEugene Printz<br>\n(Colecci\u00f3n privada\/Bridgeman Images)\t\t\t\t\t\t\t\t<\/div>\n\t\t\t\t\t\t\t\t\t\t\t\t<\/div>\n\t\t\t\t\t\t\t\t\t<\/a>\n\t\t\t\t\t\t\t<a class=\"e-gallery-item elementor-gallery-item elementor-animated-content\" href=\"https:\/\/www.durapalm.com\/wp-content\/uploads\/2025\/01\/photo4.jpg\" data-elementor-open-lightbox=\"yes\" data-elementor-lightbox-slideshow=\"ee85fb3\" data-e-action-hash=\"#elementor-action%3Aaction%3Dlightbox%26settings%3DeyJpZCI6MTY2NSwidXJsIjoiaHR0cHM6XC9cL3d3dy5kdXJhcGFsbS5jb21cL3dwLWNvbnRlbnRcL3VwbG9hZHNcLzIwMjVcLzAxXC9waG90bzQuanBnIiwic2xpZGVzaG93IjoiZWU4NWZiMyJ9\">\n\t\t\t\t\t<div class=\"e-gallery-image elementor-gallery-item__image\" data-thumbnail=\"https:\/\/www.durapalm.com\/wp-content\/uploads\/2025\/01\/photo4.jpg\" data-width=\"796\" data-height=\"1024\" aria-label=\"\" role=\"img\" ><\/div>\n\t\t\t\t\t\t\t\t\t\t\t<div class=\"elementor-gallery-item__overlay\"><\/div>\n\t\t\t\t\t\t\t\t\t\t\t\t\t\t\t<div class=\"elementor-gallery-item__content\">\n\t\t\t\t\t\t\t\t\t\t\t\t\t\t<div class=\"elementor-gallery-item__title\">\n\t\t\t\t\t\t\t\t\t\t\t\t\t\t\t\t\t\tEscritorio y estanter\u00eda de 8 lados, Circa 1928\t\t\t\t\t\t\t\t<\/div>\n\t\t\t\t\t\t\t\t\t\t\t\t\t\t\t<div class=\"elementor-gallery-item__description\">\n\t\t\t\t\t\t\t\t\t\t\t\t\t\t\t\t\t\tEugene Printz<br>\n(Colecci\u00f3n privada\/Bridgeman Images)\t\t\t\t\t\t\t\t<\/div>\n\t\t\t\t\t\t\t\t\t\t\t\t<\/div>\n\t\t\t\t\t\t\t\t\t<\/a>\n\t\t\t\t\t\t\t<a class=\"e-gallery-item elementor-gallery-item elementor-animated-content\" href=\"https:\/\/www.durapalm.com\/wp-content\/uploads\/2025\/01\/photo1A.jpg\" data-elementor-open-lightbox=\"yes\" data-elementor-lightbox-slideshow=\"ee85fb3\" data-e-action-hash=\"#elementor-action%3Aaction%3Dlightbox%26settings%3DeyJpZCI6MTY2NiwidXJsIjoiaHR0cHM6XC9cL3d3dy5kdXJhcGFsbS5jb21cL3dwLWNvbnRlbnRcL3VwbG9hZHNcLzIwMjVcLzAxXC9waG90bzFBLmpwZyIsInNsaWRlc2hvdyI6ImVlODVmYjMifQ%3D%3D\">\n\t\t\t\t\t<div class=\"e-gallery-image elementor-gallery-item__image\" data-thumbnail=\"https:\/\/www.durapalm.com\/wp-content\/uploads\/2025\/01\/photo1A.jpg\" data-width=\"800\" data-height=\"636\" aria-label=\"\" role=\"img\" ><\/div>\n\t\t\t\t\t\t\t\t\t\t\t<div class=\"elementor-gallery-item__overlay\"><\/div>\n\t\t\t\t\t\t\t\t\t\t\t\t\t\t\t<div class=\"elementor-gallery-item__content\">\n\t\t\t\t\t\t\t\t\t\t\t\t\t\t<div class=\"elementor-gallery-item__title\">\n\t\t\t\t\t\t\t\t\t\t\t\t\t\t\t\t\t\tEscritorio Barrel Ring, Circa 1930\t\t\t\t\t\t\t\t<\/div>\n\t\t\t\t\t\t\t\t\t\t\t\t\t\t\t<div class=\"elementor-gallery-item__description\">\n\t\t\t\t\t\t\t\t\t\t\t\t\t\t\t\t\t\tEugene Printz<br>\n(Cortes\u00eda de Sotheby's)\t\t\t\t\t\t\t\t<\/div>\n\t\t\t\t\t\t\t\t\t\t\t\t<\/div>\n\t\t\t\t\t\t\t\t\t<\/a>\n\t\t\t\t\t\t\t<a class=\"e-gallery-item elementor-gallery-item elementor-animated-content\" href=\"https:\/\/www.durapalm.com\/wp-content\/uploads\/2025\/01\/photo6-2.jpg\" data-elementor-open-lightbox=\"yes\" data-elementor-lightbox-slideshow=\"ee85fb3\" data-e-action-hash=\"#elementor-action%3Aaction%3Dlightbox%26settings%3DeyJpZCI6MTY2NywidXJsIjoiaHR0cHM6XC9cL3d3dy5kdXJhcGFsbS5jb21cL3dwLWNvbnRlbnRcL3VwbG9hZHNcLzIwMjVcLzAxXC9waG90bzYtMi5qcGciLCJzbGlkZXNob3ciOiJlZTg1ZmIzIn0%3D\">\n\t\t\t\t\t<div class=\"e-gallery-image elementor-gallery-item__image\" data-thumbnail=\"https:\/\/www.durapalm.com\/wp-content\/uploads\/2025\/01\/photo6-2.jpg\" data-width=\"800\" data-height=\"622\" aria-label=\"\" role=\"img\" ><\/div>\n\t\t\t\t\t\t\t\t\t\t\t<div class=\"elementor-gallery-item__overlay\"><\/div>\n\t\t\t\t\t\t\t\t\t\t\t\t\t\t\t<div class=\"elementor-gallery-item__content\">\n\t\t\t\t\t\t\t\t\t\t\t\t\t\t<div class=\"elementor-gallery-item__title\">\n\t\t\t\t\t\t\t\t\t\t\t\t\t\t\t\t\t\tSof\u00e1, Circa 1947\t\t\t\t\t\t\t\t<\/div>\n\t\t\t\t\t\t\t\t\t\t\t\t\t\t\t<div class=\"elementor-gallery-item__description\">\n\t\t\t\t\t\t\t\t\t\t\t\t\t\t\t\t\t\tEugene Printz<br>\n(Colecci\u00f3n privada\/Bridgeman Images)\t\t\t\t\t\t\t\t<\/div>\n\t\t\t\t\t\t\t\t\t\t\t\t<\/div>\n\t\t\t\t\t\t\t\t\t<\/a>\n\t\t\t\t\t\t\t<a class=\"e-gallery-item elementor-gallery-item elementor-animated-content\" href=\"https:\/\/www.durapalm.com\/wp-content\/uploads\/2025\/01\/photo5-2.jpg\" data-elementor-open-lightbox=\"yes\" data-elementor-lightbox-slideshow=\"ee85fb3\" data-e-action-hash=\"#elementor-action%3Aaction%3Dlightbox%26settings%3DeyJpZCI6MTY2OCwidXJsIjoiaHR0cHM6XC9cL3d3dy5kdXJhcGFsbS5jb21cL3dwLWNvbnRlbnRcL3VwbG9hZHNcLzIwMjVcLzAxXC9waG90bzUtMi5qcGciLCJzbGlkZXNob3ciOiJlZTg1ZmIzIn0%3D\">\n\t\t\t\t\t<div class=\"e-gallery-image elementor-gallery-item__image\" data-thumbnail=\"https:\/\/www.durapalm.com\/wp-content\/uploads\/2025\/01\/photo5-2.jpg\" data-width=\"800\" data-height=\"683\" aria-label=\"\" role=\"img\" ><\/div>\n\t\t\t\t\t\t\t\t\t\t\t<div class=\"elementor-gallery-item__overlay\"><\/div>\n\t\t\t\t\t\t\t\t\t\t\t\t\t\t\t<div class=\"elementor-gallery-item__content\">\n\t\t\t\t\t\t\t\t\t\t\t\t\t\t<div class=\"elementor-gallery-item__title\">\n\t\t\t\t\t\t\t\t\t\t\t\t\t\t\t\t\t\tConsola, Circa 1940\t\t\t\t\t\t\t\t<\/div>\n\t\t\t\t\t\t\t\t\t\t\t\t\t\t\t<div class=\"elementor-gallery-item__description\">\n\t\t\t\t\t\t\t\t\t\t\t\t\t\t\t\t\t\tEugene Printz<br>\n(Colecci\u00f3n privada\/Bridgeman Images)\t\t\t\t\t\t\t\t<\/div>\n\t\t\t\t\t\t\t\t\t\t\t\t<\/div>\n\t\t\t\t\t\t\t\t\t<\/a>\n\t\t\t\t\t\t\t<a class=\"e-gallery-item elementor-gallery-item elementor-animated-content\" href=\"https:\/\/www.durapalm.com\/wp-content\/uploads\/2025\/01\/Jean-Pierre-Martel-1920x1080-1.jpg\" data-elementor-open-lightbox=\"yes\" data-elementor-lightbox-slideshow=\"ee85fb3\" data-e-action-hash=\"#elementor-action%3Aaction%3Dlightbox%26settings%3DeyJpZCI6MTY0NiwidXJsIjoiaHR0cHM6XC9cL3d3dy5kdXJhcGFsbS5jb21cL3dwLWNvbnRlbnRcL3VwbG9hZHNcLzIwMjVcLzAxXC9KZWFuLVBpZXJyZS1NYXJ0ZWwtMTkyMHgxMDgwLTEuanBnIiwic2xpZGVzaG93IjoiZWU4NWZiMyJ9\">\n\t\t\t\t\t<div class=\"e-gallery-image elementor-gallery-item__image\" data-thumbnail=\"https:\/\/www.durapalm.com\/wp-content\/uploads\/2025\/01\/Jean-Pierre-Martel-1920x1080-1-1024x575.jpg\" data-width=\"800\" data-height=\"449\" aria-label=\"Muebles de palma Jean Pierre Martel\" role=\"img\" ><\/div>\n\t\t\t\t\t\t\t\t\t\t\t<div class=\"elementor-gallery-item__overlay\"><\/div>\n\t\t\t\t\t\t\t\t\t\t\t\t\t\t\t<div class=\"elementor-gallery-item__content\">\n\t\t\t\t\t\t\t\t\t\t\t\t\t\t<div class=\"elementor-gallery-item__title\">\n\t\t\t\t\t\t\t\t\t\t\t\t\t\t\t\t\t\tMansi\u00f3n de Marshall Lyautey - Exposici\u00f3n colonial Par\u00eds, Francia 1931\t\t\t\t\t\t\t\t<\/div>\n\t\t\t\t\t\t\t\t\t\t\t\t\t\t\t<div class=\"elementor-gallery-item__description\">\n\t\t\t\t\t\t\t\t\t\t\t\t\t\t\t\t\t\tA petici\u00f3n de Herbert Lyautey, Residente General del Protectorado Franc\u00e9s en Marruecos\nArquitecto Albert Laprade 1883-1978 | Mobiliario Eugene Printz | Cortes\u00eda de Jean-Pierre Martel 2015 \u00a9\t\t\t\t\t\t\t\t<\/div>\n\t\t\t\t\t\t\t\t\t\t\t\t<\/div>\n\t\t\t\t\t\t\t\t\t<\/a>\n\t\t\t\t\t\t\t<a class=\"e-gallery-item elementor-gallery-item elementor-animated-content\" href=\"https:\/\/www.durapalm.com\/wp-content\/uploads\/2025\/01\/photo2C.jpg\" data-elementor-open-lightbox=\"yes\" data-elementor-lightbox-slideshow=\"ee85fb3\" data-e-action-hash=\"#elementor-action%3Aaction%3Dlightbox%26settings%3DeyJpZCI6MTY2OSwidXJsIjoiaHR0cHM6XC9cL3d3dy5kdXJhcGFsbS5jb21cL3dwLWNvbnRlbnRcL3VwbG9hZHNcLzIwMjVcLzAxXC9waG90bzJDLmpwZyIsInNsaWRlc2hvdyI6ImVlODVmYjMifQ%3D%3D\">\n\t\t\t\t\t<div class=\"e-gallery-image elementor-gallery-item__image\" data-thumbnail=\"https:\/\/www.durapalm.com\/wp-content\/uploads\/2025\/01\/photo2C.jpg\" data-width=\"800\" data-height=\"1015\" aria-label=\"\" role=\"img\" ><\/div>\n\t\t\t\t\t\t\t\t\t\t\t<div class=\"elementor-gallery-item__overlay\"><\/div>\n\t\t\t\t\t\t\t\t\t\t\t\t\t\t\t<div class=\"elementor-gallery-item__content\">\n\t\t\t\t\t\t\t\t\t\t\t\t\t\t<div class=\"elementor-gallery-item__title\">\n\t\t\t\t\t\t\t\t\t\t\t\t\t\t\t\t\t\tConsola\/Tablero, Circa 1930\t\t\t\t\t\t\t\t<\/div>\n\t\t\t\t\t\t\t\t\t\t\t\t\t\t\t<div class=\"elementor-gallery-item__description\">\n\t\t\t\t\t\t\t\t\t\t\t\t\t\t\t\t\t\tEugene Printz<br>\n(Cortes\u00eda de Sotheby's)\t\t\t\t\t\t\t\t<\/div>\n\t\t\t\t\t\t\t\t\t\t\t\t<\/div>\n\t\t\t\t\t\t\t\t\t<\/a>\n\t\t\t\t\t\t\t<a class=\"e-gallery-item elementor-gallery-item elementor-animated-content\" href=\"https:\/\/www.durapalm.com\/wp-content\/uploads\/2025\/01\/photo3A.jpg\" data-elementor-open-lightbox=\"yes\" data-elementor-lightbox-slideshow=\"ee85fb3\" data-e-action-hash=\"#elementor-action%3Aaction%3Dlightbox%26settings%3DeyJpZCI6MTY3MCwidXJsIjoiaHR0cHM6XC9cL3d3dy5kdXJhcGFsbS5jb21cL3dwLWNvbnRlbnRcL3VwbG9hZHNcLzIwMjVcLzAxXC9waG90bzNBLmpwZyIsInNsaWRlc2hvdyI6ImVlODVmYjMifQ%3D%3D\">\n\t\t\t\t\t<div class=\"e-gallery-image elementor-gallery-item__image\" data-thumbnail=\"https:\/\/www.durapalm.com\/wp-content\/uploads\/2025\/01\/photo3A.jpg\" data-width=\"800\" data-height=\"614\" aria-label=\"\" role=\"img\" ><\/div>\n\t\t\t\t\t\t\t\t\t\t\t<div class=\"elementor-gallery-item__overlay\"><\/div>\n\t\t\t\t\t\t\t\t\t\t\t\t\t\t\t<div class=\"elementor-gallery-item__content\">\n\t\t\t\t\t\t\t\t\t\t\t\t\t\t<div class=\"elementor-gallery-item__title\">\n\t\t\t\t\t\t\t\t\t\t\t\t\t\t\t\t\t\t\"Un escritorio importante\", Circa 1932\t\t\t\t\t\t\t\t<\/div>\n\t\t\t\t\t\t\t\t\t\t\t\t\t\t\t<div class=\"elementor-gallery-item__description\">\n\t\t\t\t\t\t\t\t\t\t\t\t\t\t\t\t\t\tEugene Printz<br>\n(Cortes\u00eda de Sotheby's)\t\t\t\t\t\t\t\t<\/div>\n\t\t\t\t\t\t\t\t\t\t\t\t<\/div>\n\t\t\t\t\t\t\t\t\t<\/a>\n\t\t\t\t\t\t\t<a class=\"e-gallery-item elementor-gallery-item elementor-animated-content\" href=\"https:\/\/www.durapalm.com\/wp-content\/uploads\/2025\/01\/photo3A-v2.jpg\" data-elementor-open-lightbox=\"yes\" data-elementor-lightbox-slideshow=\"ee85fb3\" data-e-action-hash=\"#elementor-action%3Aaction%3Dlightbox%26settings%3DeyJpZCI6MTY3MSwidXJsIjoiaHR0cHM6XC9cL3d3dy5kdXJhcGFsbS5jb21cL3dwLWNvbnRlbnRcL3VwbG9hZHNcLzIwMjVcLzAxXC9waG90bzNBLXYyLmpwZyIsInNsaWRlc2hvdyI6ImVlODVmYjMifQ%3D%3D\">\n\t\t\t\t\t<div class=\"e-gallery-image elementor-gallery-item__image\" data-thumbnail=\"https:\/\/www.durapalm.com\/wp-content\/uploads\/2025\/01\/photo3A-v2.jpg\" data-width=\"800\" data-height=\"797\" aria-label=\"\" role=\"img\" ><\/div>\n\t\t\t\t\t\t\t\t\t\t\t<div class=\"elementor-gallery-item__overlay\"><\/div>\n\t\t\t\t\t\t\t\t\t\t\t\t\t\t\t<div class=\"elementor-gallery-item__content\">\n\t\t\t\t\t\t\t\t\t\t\t\t\t\t<div class=\"elementor-gallery-item__title\">\n\t\t\t\t\t\t\t\t\t\t\t\t\t\t\t\t\t\tEscritorio Barrel Ring, Circa 1930\t\t\t\t\t\t\t\t<\/div>\n\t\t\t\t\t\t\t\t\t\t\t\t\t\t\t<div class=\"elementor-gallery-item__description\">\n\t\t\t\t\t\t\t\t\t\t\t\t\t\t\t\t\t\tEugene Printz<br>\n(Cortes\u00eda de Sotheby's)\t\t\t\t\t\t\t\t<\/div>\n\t\t\t\t\t\t\t\t\t\t\t\t<\/div>\n\t\t\t\t\t\t\t\t\t<\/a>\n\t\t\t\t\t\t\t<a class=\"e-gallery-item elementor-gallery-item elementor-animated-content\" href=\"https:\/\/www.durapalm.com\/wp-content\/uploads\/2025\/01\/photo2B.jpg\" data-elementor-open-lightbox=\"yes\" data-elementor-lightbox-slideshow=\"ee85fb3\" data-e-action-hash=\"#elementor-action%3Aaction%3Dlightbox%26settings%3DeyJpZCI6MTY3MiwidXJsIjoiaHR0cHM6XC9cL3d3dy5kdXJhcGFsbS5jb21cL3dwLWNvbnRlbnRcL3VwbG9hZHNcLzIwMjVcLzAxXC9waG90bzJCLmpwZyIsInNsaWRlc2hvdyI6ImVlODVmYjMifQ%3D%3D\">\n\t\t\t\t\t<div class=\"e-gallery-image elementor-gallery-item__image\" data-thumbnail=\"https:\/\/www.durapalm.com\/wp-content\/uploads\/2025\/01\/photo2B.jpg\" data-width=\"777\" data-height=\"1024\" aria-label=\"\" role=\"img\" ><\/div>\n\t\t\t\t\t\t\t\t\t\t\t<div class=\"elementor-gallery-item__overlay\"><\/div>\n\t\t\t\t\t\t\t\t\t\t\t\t\t\t\t<div class=\"elementor-gallery-item__content\">\n\t\t\t\t\t\t\t\t\t\t\t\t\t\t<div class=\"elementor-gallery-item__title\">\n\t\t\t\t\t\t\t\t\t\t\t\t\t\t\t\t\t\tConsola\/Tablero, Circa 1930\t\t\t\t\t\t\t\t<\/div>\n\t\t\t\t\t\t\t\t\t\t\t\t\t\t\t<div class=\"elementor-gallery-item__description\">\n\t\t\t\t\t\t\t\t\t\t\t\t\t\t\t\t\t\tEugene Printz<br>\n(Cortes\u00eda de Sotheby's)\t\t\t\t\t\t\t\t<\/div>\n\t\t\t\t\t\t\t\t\t\t\t\t<\/div>\n\t\t\t\t\t\t\t\t\t<\/a>\n\t\t\t\t\t\t\t<a class=\"e-gallery-item elementor-gallery-item elementor-animated-content\" href=\"https:\/\/www.durapalm.com\/wp-content\/uploads\/2025\/01\/photo4C-v3.jpg\" data-elementor-open-lightbox=\"yes\" data-elementor-lightbox-slideshow=\"ee85fb3\" data-e-action-hash=\"#elementor-action%3Aaction%3Dlightbox%26settings%3DeyJpZCI6MTY3MywidXJsIjoiaHR0cHM6XC9cL3d3dy5kdXJhcGFsbS5jb21cL3dwLWNvbnRlbnRcL3VwbG9hZHNcLzIwMjVcLzAxXC9waG90bzRDLXYzLmpwZyIsInNsaWRlc2hvdyI6ImVlODVmYjMifQ%3D%3D\">\n\t\t\t\t\t<div class=\"e-gallery-image elementor-gallery-item__image\" data-thumbnail=\"https:\/\/www.durapalm.com\/wp-content\/uploads\/2025\/01\/photo4C-v3-1024x658.jpg\" data-width=\"800\" data-height=\"514\" aria-label=\"\" role=\"img\" ><\/div>\n\t\t\t\t\t\t\t\t\t\t\t<div class=\"elementor-gallery-item__overlay\"><\/div>\n\t\t\t\t\t\t\t\t\t\t\t\t\t\t\t<div class=\"elementor-gallery-item__content\">\n\t\t\t\t\t\t\t\t\t\t\t\t\t\t<div class=\"elementor-gallery-item__title\">\n\t\t\t\t\t\t\t\t\t\t\t\t\t\t\t\t\t\tConsola\/Tablero, Circa 1930\t\t\t\t\t\t\t\t<\/div>\n\t\t\t\t\t\t\t\t\t\t\t\t\t\t\t<div class=\"elementor-gallery-item__description\">\n\t\t\t\t\t\t\t\t\t\t\t\t\t\t\t\t\t\tEugene Printz<br>\n(Cortes\u00eda de Sotheby's)\t\t\t\t\t\t\t\t<\/div>\n\t\t\t\t\t\t\t\t\t\t\t\t<\/div>\n\t\t\t\t\t\t\t\t\t<\/a>\n\t\t\t\t\t\t\t<a class=\"e-gallery-item elementor-gallery-item elementor-animated-content\" href=\"https:\/\/www.durapalm.com\/wp-content\/uploads\/2025\/01\/11-1.jpg\" data-elementor-open-lightbox=\"yes\" data-elementor-lightbox-slideshow=\"ee85fb3\" data-e-action-hash=\"#elementor-action%3Aaction%3Dlightbox%26settings%3DeyJpZCI6MTY4OCwidXJsIjoiaHR0cHM6XC9cL3d3dy5kdXJhcGFsbS5jb21cL3dwLWNvbnRlbnRcL3VwbG9hZHNcLzIwMjVcLzAxXC8xMS0xLmpwZyIsInNsaWRlc2hvdyI6ImVlODVmYjMifQ%3D%3D\">\n\t\t\t\t\t<div class=\"e-gallery-image elementor-gallery-item__image\" data-thumbnail=\"https:\/\/www.durapalm.com\/wp-content\/uploads\/2025\/01\/11-1-1024x576.jpg\" data-width=\"800\" data-height=\"450\" aria-label=\"\" role=\"img\" ><\/div>\n\t\t\t\t\t\t\t\t\t\t\t<div class=\"elementor-gallery-item__overlay\"><\/div>\n\t\t\t\t\t\t\t\t\t\t\t\t\t\t\t<div class=\"elementor-gallery-item__content\">\n\t\t\t\t\t\t\t\t\t\t\t\t\t\t<div class=\"elementor-gallery-item__title\">\n\t\t\t\t\t\t\t\t\t\t\t\t\t\t\t\t\t\tPeque\u00f1a caja de palma, circa 1930\t\t\t\t\t\t\t\t<\/div>\n\t\t\t\t\t\t\t\t\t\t\t\t\t\t\t<div class=\"elementor-gallery-item__description\">\n\t\t\t\t\t\t\t\t\t\t\t\t\t\t\t\t\t\tEugene Printz<br> (Cortes\u00eda de Sotheby's)\t\t\t\t\t\t\t\t<\/div>\n\t\t\t\t\t\t\t\t\t\t\t\t<\/div>\n\t\t\t\t\t\t\t\t\t<\/a>\n\t\t\t\t\t\t\t<a class=\"e-gallery-item elementor-gallery-item elementor-animated-content\" href=\"https:\/\/www.durapalm.com\/wp-content\/uploads\/2025\/01\/photo4A-v2-1.jpg\" data-elementor-open-lightbox=\"yes\" data-elementor-lightbox-slideshow=\"ee85fb3\" data-e-action-hash=\"#elementor-action%3Aaction%3Dlightbox%26settings%3DeyJpZCI6MTY5MywidXJsIjoiaHR0cHM6XC9cL3d3dy5kdXJhcGFsbS5jb21cL3dwLWNvbnRlbnRcL3VwbG9hZHNcLzIwMjVcLzAxXC9waG90bzRBLXYyLTEuanBnIiwic2xpZGVzaG93IjoiZWU4NWZiMyJ9\">\n\t\t\t\t\t<div class=\"e-gallery-image elementor-gallery-item__image\" data-thumbnail=\"https:\/\/www.durapalm.com\/wp-content\/uploads\/2025\/01\/photo4A-v2-1.jpg\" data-width=\"796\" data-height=\"1024\" aria-label=\"\" role=\"img\" ><\/div>\n\t\t\t\t\t\t\t\t\t\t\t<div class=\"elementor-gallery-item__overlay\"><\/div>\n\t\t\t\t\t\t\t\t\t\t\t\t\t\t\t<div class=\"elementor-gallery-item__content\">\n\t\t\t\t\t\t\t\t\t\t\t\t\t\t<div class=\"elementor-gallery-item__title\">\n\t\t\t\t\t\t\t\t\t\t\t\t\t\t\t\t\t\tConsola\/Tablero, Circa 1930\t\t\t\t\t\t\t\t<\/div>\n\t\t\t\t\t\t\t\t\t\t\t\t\t\t\t<div class=\"elementor-gallery-item__description\">\n\t\t\t\t\t\t\t\t\t\t\t\t\t\t\t\t\t\tEugene Printz<br>\n(Cortes\u00eda de Sotheby's)\t\t\t\t\t\t\t\t<\/div>\n\t\t\t\t\t\t\t\t\t\t\t\t<\/div>\n\t\t\t\t\t\t\t\t\t<\/a>\n\t\t\t\t\t\t\t<a class=\"e-gallery-item elementor-gallery-item elementor-animated-content\" href=\"https:\/\/www.durapalm.com\/wp-content\/uploads\/2025\/01\/23-1.jpg\" data-elementor-open-lightbox=\"yes\" data-elementor-lightbox-slideshow=\"ee85fb3\" data-e-action-hash=\"#elementor-action%3Aaction%3Dlightbox%26settings%3DeyJpZCI6MTY3OCwidXJsIjoiaHR0cHM6XC9cL3d3dy5kdXJhcGFsbS5jb21cL3dwLWNvbnRlbnRcL3VwbG9hZHNcLzIwMjVcLzAxXC8yMy0xLmpwZyIsInNsaWRlc2hvdyI6ImVlODVmYjMifQ%3D%3D\">\n\t\t\t\t\t<div class=\"e-gallery-image elementor-gallery-item__image\" data-thumbnail=\"https:\/\/www.durapalm.com\/wp-content\/uploads\/2025\/01\/23-1-1024x576.jpg\" data-width=\"800\" data-height=\"450\" aria-label=\"\" role=\"img\" ><\/div>\n\t\t\t\t\t\t\t\t\t\t\t<div class=\"elementor-gallery-item__overlay\"><\/div>\n\t\t\t\t\t\t\t\t\t\t\t\t\t\t\t<div class=\"elementor-gallery-item__content\">\n\t\t\t\t\t\t\t\t\t\t\t\t\t\t<div class=\"elementor-gallery-item__title\">\n\t\t\t\t\t\t\t\t\t\t\t\t\t\t\t\t\t\tOlivier Nisch, circa 2012\t\t\t\t\t\t\t\t<\/div>\n\t\t\t\t\t\t\t\t\t\t\t\t<\/div>\n\t\t\t\t\t\t\t\t\t<\/a>\n\t\t\t\t\t\t\t<a class=\"e-gallery-item elementor-gallery-item elementor-animated-content\" href=\"https:\/\/www.durapalm.com\/wp-content\/uploads\/2025\/01\/photo6-v2.jpg\" data-elementor-open-lightbox=\"yes\" data-elementor-lightbox-slideshow=\"ee85fb3\" data-e-action-hash=\"#elementor-action%3Aaction%3Dlightbox%26settings%3DeyJpZCI6MTY3OSwidXJsIjoiaHR0cHM6XC9cL3d3dy5kdXJhcGFsbS5jb21cL3dwLWNvbnRlbnRcL3VwbG9hZHNcLzIwMjVcLzAxXC9waG90bzYtdjIuanBnIiwic2xpZGVzaG93IjoiZWU4NWZiMyJ9\">\n\t\t\t\t\t<div class=\"e-gallery-image elementor-gallery-item__image\" data-thumbnail=\"https:\/\/www.durapalm.com\/wp-content\/uploads\/2025\/01\/photo6-v2.jpg\" data-width=\"800\" data-height=\"881\" aria-label=\"\" role=\"img\" ><\/div>\n\t\t\t\t\t\t\t\t\t\t\t<div class=\"elementor-gallery-item__overlay\"><\/div>\n\t\t\t\t\t\t\t\t\t\t\t\t\t\t\t<div class=\"elementor-gallery-item__content\">\n\t\t\t\t\t\t\t\t\t\t\t\t\t\t<div class=\"elementor-gallery-item__title\">\n\t\t\t\t\t\t\t\t\t\t\t\t\t\t\t\t\t\tPareja de armarios, circa 1930\t\t\t\t\t\t\t\t<\/div>\n\t\t\t\t\t\t\t\t\t\t\t\t\t\t\t<div class=\"elementor-gallery-item__description\">\n\t\t\t\t\t\t\t\t\t\t\t\t\t\t\t\t\t\tEugene Printz\n(Cortes\u00eda de Sotheby's)\t\t\t\t\t\t\t\t<\/div>\n\t\t\t\t\t\t\t\t\t\t\t\t<\/div>\n\t\t\t\t\t\t\t\t\t<\/a>\n\t\t\t\t\t\t\t<a class=\"e-gallery-item elementor-gallery-item elementor-animated-content\" href=\"https:\/\/www.durapalm.com\/wp-content\/uploads\/2025\/01\/17-1.jpg\" data-elementor-open-lightbox=\"yes\" data-elementor-lightbox-slideshow=\"ee85fb3\" data-e-action-hash=\"#elementor-action%3Aaction%3Dlightbox%26settings%3DeyJpZCI6MTY4MCwidXJsIjoiaHR0cHM6XC9cL3d3dy5kdXJhcGFsbS5jb21cL3dwLWNvbnRlbnRcL3VwbG9hZHNcLzIwMjVcLzAxXC8xNy0xLmpwZyIsInNsaWRlc2hvdyI6ImVlODVmYjMifQ%3D%3D\">\n\t\t\t\t\t<div class=\"e-gallery-image elementor-gallery-item__image\" data-thumbnail=\"https:\/\/www.durapalm.com\/wp-content\/uploads\/2025\/01\/17-1-1024x576.jpg\" data-width=\"800\" data-height=\"450\" aria-label=\"\" role=\"img\" ><\/div>\n\t\t\t\t\t\t\t\t\t\t\t<div class=\"elementor-gallery-item__overlay\"><\/div>\n\t\t\t\t\t\t\t\t\t\t\t\t\t\t\t<div class=\"elementor-gallery-item__content\">\n\t\t\t\t\t\t\t\t\t\t\t\t\t\t<div class=\"elementor-gallery-item__title\">\n\t\t\t\t\t\t\t\t\t\t\t\t\t\t\t\t\t\tJean-Paul Viollet, circa 2014\t\t\t\t\t\t\t\t<\/div>\n\t\t\t\t\t\t\t\t\t\t\t\t<\/div>\n\t\t\t\t\t\t\t\t\t<\/a>\n\t\t\t\t\t\t\t<a class=\"e-gallery-item elementor-gallery-item elementor-animated-content\" href=\"https:\/\/www.durapalm.com\/wp-content\/uploads\/2025\/01\/22-1.jpg\" data-elementor-open-lightbox=\"yes\" data-elementor-lightbox-slideshow=\"ee85fb3\" data-e-action-hash=\"#elementor-action%3Aaction%3Dlightbox%26settings%3DeyJpZCI6MTY4MSwidXJsIjoiaHR0cHM6XC9cL3d3dy5kdXJhcGFsbS5jb21cL3dwLWNvbnRlbnRcL3VwbG9hZHNcLzIwMjVcLzAxXC8yMi0xLmpwZyIsInNsaWRlc2hvdyI6ImVlODVmYjMifQ%3D%3D\">\n\t\t\t\t\t<div class=\"e-gallery-image elementor-gallery-item__image\" data-thumbnail=\"https:\/\/www.durapalm.com\/wp-content\/uploads\/2025\/01\/22-1-1024x576.jpg\" data-width=\"800\" data-height=\"450\" aria-label=\"\" role=\"img\" ><\/div>\n\t\t\t\t\t\t\t\t\t\t\t<div class=\"elementor-gallery-item__overlay\"><\/div>\n\t\t\t\t\t\t\t\t\t\t\t\t\t\t\t<div class=\"elementor-gallery-item__content\">\n\t\t\t\t\t\t\t\t\t\t\t\t\t\t<div class=\"elementor-gallery-item__title\">\n\t\t\t\t\t\t\t\t\t\t\t\t\t\t\t\t\t\tOlivier Nisch, circa 2012\t\t\t\t\t\t\t\t<\/div>\n\t\t\t\t\t\t\t\t\t\t\t\t<\/div>\n\t\t\t\t\t\t\t\t\t<\/a>\n\t\t\t\t\t\t\t<a class=\"e-gallery-item elementor-gallery-item elementor-animated-content\" href=\"https:\/\/www.durapalm.com\/wp-content\/uploads\/2025\/01\/21-1.jpg\" data-elementor-open-lightbox=\"yes\" data-elementor-lightbox-slideshow=\"ee85fb3\" data-e-action-hash=\"#elementor-action%3Aaction%3Dlightbox%26settings%3DeyJpZCI6MTY4MiwidXJsIjoiaHR0cHM6XC9cL3d3dy5kdXJhcGFsbS5jb21cL3dwLWNvbnRlbnRcL3VwbG9hZHNcLzIwMjVcLzAxXC8yMS0xLmpwZyIsInNsaWRlc2hvdyI6ImVlODVmYjMifQ%3D%3D\">\n\t\t\t\t\t<div class=\"e-gallery-image elementor-gallery-item__image\" data-thumbnail=\"https:\/\/www.durapalm.com\/wp-content\/uploads\/2025\/01\/21-1-1024x576.jpg\" data-width=\"800\" data-height=\"450\" aria-label=\"\" role=\"img\" ><\/div>\n\t\t\t\t\t\t\t\t\t\t\t<div class=\"elementor-gallery-item__overlay\"><\/div>\n\t\t\t\t\t\t\t\t\t\t\t\t\t\t\t<div class=\"elementor-gallery-item__content\">\n\t\t\t\t\t\t\t\t\t\t\t\t\t\t<div class=\"elementor-gallery-item__title\">\n\t\t\t\t\t\t\t\t\t\t\t\t\t\t\t\t\t\tJean-Paul Viollet, circa 2014\t\t\t\t\t\t\t\t<\/div>\n\t\t\t\t\t\t\t\t\t\t\t\t<\/div>\n\t\t\t\t\t\t\t\t\t<\/a>\n\t\t\t\t\t\t\t<a class=\"e-gallery-item elementor-gallery-item elementor-animated-content\" href=\"https:\/\/www.durapalm.com\/wp-content\/uploads\/2025\/01\/20-1.jpg\" data-elementor-open-lightbox=\"yes\" data-elementor-lightbox-slideshow=\"ee85fb3\" data-e-action-hash=\"#elementor-action%3Aaction%3Dlightbox%26settings%3DeyJpZCI6MTY4MywidXJsIjoiaHR0cHM6XC9cL3d3dy5kdXJhcGFsbS5jb21cL3dwLWNvbnRlbnRcL3VwbG9hZHNcLzIwMjVcLzAxXC8yMC0xLmpwZyIsInNsaWRlc2hvdyI6ImVlODVmYjMifQ%3D%3D\">\n\t\t\t\t\t<div class=\"e-gallery-image elementor-gallery-item__image\" data-thumbnail=\"https:\/\/www.durapalm.com\/wp-content\/uploads\/2025\/01\/20-1-1024x576.jpg\" data-width=\"800\" data-height=\"450\" aria-label=\"\" role=\"img\" ><\/div>\n\t\t\t\t\t\t\t\t\t\t\t<div class=\"elementor-gallery-item__overlay\"><\/div>\n\t\t\t\t\t\t\t\t\t\t\t\t\t\t\t<div class=\"elementor-gallery-item__content\">\n\t\t\t\t\t\t\t\t\t\t\t\t\t\t<div class=\"elementor-gallery-item__title\">\n\t\t\t\t\t\t\t\t\t\t\t\t\t\t\t\t\t\tJean-Paul Viollet, circa 2014\t\t\t\t\t\t\t\t<\/div>\n\t\t\t\t\t\t\t\t\t\t\t\t<\/div>\n\t\t\t\t\t\t\t\t\t<\/a>\n\t\t\t\t\t\t\t<a class=\"e-gallery-item elementor-gallery-item elementor-animated-content\" href=\"https:\/\/www.durapalm.com\/wp-content\/uploads\/2025\/01\/18-1.jpg\" data-elementor-open-lightbox=\"yes\" data-elementor-lightbox-slideshow=\"ee85fb3\" data-e-action-hash=\"#elementor-action%3Aaction%3Dlightbox%26settings%3DeyJpZCI6MTY4NCwidXJsIjoiaHR0cHM6XC9cL3d3dy5kdXJhcGFsbS5jb21cL3dwLWNvbnRlbnRcL3VwbG9hZHNcLzIwMjVcLzAxXC8xOC0xLmpwZyIsInNsaWRlc2hvdyI6ImVlODVmYjMifQ%3D%3D\">\n\t\t\t\t\t<div class=\"e-gallery-image elementor-gallery-item__image\" data-thumbnail=\"https:\/\/www.durapalm.com\/wp-content\/uploads\/2025\/01\/18-1-1024x576.jpg\" data-width=\"800\" data-height=\"450\" aria-label=\"\" role=\"img\" ><\/div>\n\t\t\t\t\t\t\t\t\t\t\t<div class=\"elementor-gallery-item__overlay\"><\/div>\n\t\t\t\t\t\t\t\t\t\t\t\t\t\t\t<div class=\"elementor-gallery-item__content\">\n\t\t\t\t\t\t\t\t\t\t\t\t\t\t<div class=\"elementor-gallery-item__title\">\n\t\t\t\t\t\t\t\t\t\t\t\t\t\t\t\t\t\tJean-Paul Viollet, circa 2014\t\t\t\t\t\t\t\t<\/div>\n\t\t\t\t\t\t\t\t\t\t\t\t<\/div>\n\t\t\t\t\t\t\t\t\t<\/a>\n\t\t\t\t\t<\/div>\n\t\t\t\t\t<\/div>\n\t\t\t\t<\/div>\n\t\t\t\t\t<\/div>\n\t\t\t\t<\/div>\n\t\t<div class=\"elementor-element elementor-element-72eb710 e-flex e-con-boxed e-con e-parent\" data-id=\"72eb710\" data-element_type=\"container\" data-e-type=\"container\" data-settings=\"{&quot;background_background&quot;:&quot;classic&quot;}\">\n\t\t\t\t\t<div class=\"e-con-inner\">\n\t\t\t\t<div class=\"elementor-element elementor-element-6e20911 elementor-widget elementor-widget-text-editor\" data-id=\"6e20911\" data-element_type=\"widget\" data-e-type=\"widget\" data-widget_type=\"text-editor.default\">\n\t\t\t\t<div class=\"elementor-widget-container\">\n\t\t\t\t\t\t\t\t\t<p><strong>Este v\u00eddeo<\/strong>\u00a0con im\u00e1genes ampliadas y la historia del movimiento Art D\u00e9co a partir de la Exposici\u00f3n Internacional de Artes Decorativas e Industriales Modernas de Par\u00eds de 1925, ofrece un poco m\u00e1s de sabor del periodo y del lugar que ocupa la palma de la mano en esta historia. Esperamos que esto le lleve a explorar m\u00e1s a fondo las obras de Eugene Printz, Pierre Chareau, Clement Rousseau, Emile-Jacques Ruhlmann, Robert Mallet-Stevens, Jean Dunand y muchos otros de este per\u00edodo y considere la posibilidad de crear una obra maestra propia a partir de Durapalm sostenible.<\/p>\t\t\t\t\t\t\t\t<\/div>\n\t\t\t\t<\/div>\n\t\t\t\t<div class=\"elementor-element elementor-element-1db8885 elementor-widget elementor-widget-video\" data-id=\"1db8885\" data-element_type=\"widget\" data-e-type=\"widget\" data-settings=\"{&quot;youtube_url&quot;:&quot;https:\\\/\\\/www.youtube.com\\\/embed\\\/p4Jv9GgkmeI&quot;,&quot;video_type&quot;:&quot;youtube&quot;,&quot;controls&quot;:&quot;yes&quot;}\" data-widget_type=\"video.default\">\n\t\t\t\t<div class=\"elementor-widget-container\">\n\t\t\t\t\t\t\t<div class=\"elementor-wrapper elementor-open-inline\">\n\t\t\t<div class=\"elementor-video\"><\/div>\t\t<\/div>\n\t\t\t\t\t\t<\/div>\n\t\t\t\t<\/div>\n\t\t\t\t\t<\/div>\n\t\t\t\t<\/div>\n\t\t\t\t<\/div>","protected":false},"excerpt":{"rendered":"<p>The History of Palm Wood in Western Furniture Design The Art Deco movement, which began in Paris in 1925, profoundly influenced creative disciplines ranging from architecture and transportation to furniture design. It also ushered in a period of innovation in materials, both natural and man-made. Among these, palm wood emerged as an exciting new option, [&hellip;]<\/p>\n","protected":false},"author":1,"featured_media":1646,"parent":0,"menu_order":0,"comment_status":"closed","ping_status":"closed","template":"","meta":{"footnotes":""},"class_list":["post-1640","page","type-page","status-publish","has-post-thumbnail","hentry"],"yoast_head":"<!-- This site is optimized with the Yoast SEO plugin v27.5 - https:\/\/yoast.com\/product\/yoast-seo-wordpress\/ -->\n<title>The History of Palm Wood in Western Furniture Design - Durapalm<\/title>\n<meta name=\"description\" content=\"Discover the evolution of palm wood in design, from its Art Deco origins to modern innovations, showcasing its timeless appeal.\" \/>\n<meta name=\"robots\" content=\"index, follow, max-snippet:-1, max-image-preview:large, max-video-preview:-1\" \/>\n<link rel=\"canonical\" href=\"https:\/\/www.durapalm.com\/es\/palm-wood-furniture-history\/\" \/>\n<meta property=\"og:locale\" content=\"es_ES\" \/>\n<meta property=\"og:type\" content=\"article\" \/>\n<meta property=\"og:title\" content=\"The History of Palm Wood in Western Furniture Design - Durapalm\" \/>\n<meta property=\"og:description\" content=\"Discover the evolution of palm wood in design, from its Art Deco origins to modern innovations, showcasing its timeless appeal.\" \/>\n<meta property=\"og:url\" content=\"https:\/\/www.durapalm.com\/es\/palm-wood-furniture-history\/\" \/>\n<meta property=\"og:site_name\" content=\"Durapalm\" \/>\n<meta property=\"article:modified_time\" content=\"2025-02-07T00:23:09+00:00\" \/>\n<meta property=\"og:image\" content=\"https:\/\/www.durapalm.com\/wp-content\/uploads\/2025\/01\/Jean-Pierre-Martel-1920x1080-1.jpg\" \/>\n\t<meta property=\"og:image:width\" content=\"1920\" \/>\n\t<meta property=\"og:image:height\" content=\"1079\" \/>\n\t<meta property=\"og:image:type\" content=\"image\/jpeg\" \/>\n<meta name=\"twitter:card\" content=\"summary_large_image\" \/>\n<meta name=\"twitter:label1\" content=\"Tiempo de lectura\" \/>\n\t<meta name=\"twitter:data1\" content=\"3 minutos\" \/>\n<!-- \/ Yoast SEO plugin. -->","yoast_head_json":{"title":"La historia de la madera de palma en el dise\u00f1o de muebles occidentales - Durapalm","description":"Descubra la evoluci\u00f3n de la madera de palma en el dise\u00f1o, desde sus or\u00edgenes Art D\u00e9co hasta las innovaciones modernas, mostrando su atractivo atemporal.","robots":{"index":"index","follow":"follow","max-snippet":"max-snippet:-1","max-image-preview":"max-image-preview:large","max-video-preview":"max-video-preview:-1"},"canonical":"https:\/\/www.durapalm.com\/es\/palm-wood-furniture-history\/","og_locale":"es_ES","og_type":"article","og_title":"The History of Palm Wood in Western Furniture Design - Durapalm","og_description":"Discover the evolution of palm wood in design, from its Art Deco origins to modern innovations, showcasing its timeless appeal.","og_url":"https:\/\/www.durapalm.com\/es\/palm-wood-furniture-history\/","og_site_name":"Durapalm","article_modified_time":"2025-02-07T00:23:09+00:00","og_image":[{"width":1920,"height":1079,"url":"https:\/\/www.durapalm.com\/wp-content\/uploads\/2025\/01\/Jean-Pierre-Martel-1920x1080-1.jpg","type":"image\/jpeg"}],"twitter_card":"summary_large_image","twitter_misc":{"Tiempo de lectura":"3 minutos"},"schema":{"@context":"https:\/\/schema.org","@graph":[{"@type":"WebPage","@id":"https:\/\/www.durapalm.com\/palm-wood-furniture-history\/","url":"https:\/\/www.durapalm.com\/palm-wood-furniture-history\/","name":"La historia de la madera de palma en el dise\u00f1o de muebles occidentales - Durapalm","isPartOf":{"@id":"https:\/\/www.durapalm.com\/#website"},"primaryImageOfPage":{"@id":"https:\/\/www.durapalm.com\/palm-wood-furniture-history\/#primaryimage"},"image":{"@id":"https:\/\/www.durapalm.com\/palm-wood-furniture-history\/#primaryimage"},"thumbnailUrl":"https:\/\/www.durapalm.com\/wp-content\/uploads\/2025\/01\/Jean-Pierre-Martel-1920x1080-1.jpg","datePublished":"2025-01-04T00:33:02+00:00","dateModified":"2025-02-07T00:23:09+00:00","description":"Descubra la evoluci\u00f3n de la madera de palma en el dise\u00f1o, desde sus or\u00edgenes Art D\u00e9co hasta las innovaciones modernas, mostrando su atractivo atemporal.","breadcrumb":{"@id":"https:\/\/www.durapalm.com\/palm-wood-furniture-history\/#breadcrumb"},"inLanguage":"es","potentialAction":[{"@type":"ReadAction","target":["https:\/\/www.durapalm.com\/palm-wood-furniture-history\/"]}]},{"@type":"ImageObject","inLanguage":"es","@id":"https:\/\/www.durapalm.com\/palm-wood-furniture-history\/#primaryimage","url":"https:\/\/www.durapalm.com\/wp-content\/uploads\/2025\/01\/Jean-Pierre-Martel-1920x1080-1.jpg","contentUrl":"https:\/\/www.durapalm.com\/wp-content\/uploads\/2025\/01\/Jean-Pierre-Martel-1920x1080-1.jpg","width":1920,"height":1079,"caption":"By request of Herbert Lyautey, Resident General of the French Protectorate In Morocco Architect Albert Laprade 1883-1978 | Furniture Eugene Printz | Courtesy of Jean-Pierre Martel 2015 \u00a9"},{"@type":"BreadcrumbList","@id":"https:\/\/www.durapalm.com\/palm-wood-furniture-history\/#breadcrumb","itemListElement":[{"@type":"ListItem","position":1,"name":"Home","item":"https:\/\/www.durapalm.com\/"},{"@type":"ListItem","position":2,"name":"Palm Wood Furniture History"}]},{"@type":"WebSite","@id":"https:\/\/www.durapalm.com\/#website","url":"https:\/\/www.durapalm.com\/","name":"Durapalm","description":"Suelos, contrachapados y paneles de madera de palma","publisher":{"@id":"https:\/\/www.durapalm.com\/#organization"},"potentialAction":[{"@type":"SearchAction","target":{"@type":"EntryPoint","urlTemplate":"https:\/\/www.durapalm.com\/?s={search_term_string}"},"query-input":{"@type":"PropertyValueSpecification","valueRequired":true,"valueName":"search_term_string"}}],"inLanguage":"es"},{"@type":"Organization","@id":"https:\/\/www.durapalm.com\/#organization","name":"Durapalm","url":"https:\/\/www.durapalm.com\/","logo":{"@type":"ImageObject","inLanguage":"es","@id":"https:\/\/www.durapalm.com\/#\/schema\/logo\/image\/","url":"https:\/\/www.durapalm.com\/wp-content\/uploads\/2024\/11\/durapalm_logo.svg","contentUrl":"https:\/\/www.durapalm.com\/wp-content\/uploads\/2024\/11\/durapalm_logo.svg","width":430,"height":215,"caption":"Durapalm"},"image":{"@id":"https:\/\/www.durapalm.com\/#\/schema\/logo\/image\/"}}]}},"_links":{"self":[{"href":"https:\/\/www.durapalm.com\/es\/wp-json\/wp\/v2\/pages\/1640","targetHints":{"allow":["GET"]}}],"collection":[{"href":"https:\/\/www.durapalm.com\/es\/wp-json\/wp\/v2\/pages"}],"about":[{"href":"https:\/\/www.durapalm.com\/es\/wp-json\/wp\/v2\/types\/page"}],"author":[{"embeddable":true,"href":"https:\/\/www.durapalm.com\/es\/wp-json\/wp\/v2\/users\/1"}],"replies":[{"embeddable":true,"href":"https:\/\/www.durapalm.com\/es\/wp-json\/wp\/v2\/comments?post=1640"}],"version-history":[{"count":0,"href":"https:\/\/www.durapalm.com\/es\/wp-json\/wp\/v2\/pages\/1640\/revisions"}],"wp:featuredmedia":[{"embeddable":true,"href":"https:\/\/www.durapalm.com\/es\/wp-json\/wp\/v2\/media\/1646"}],"wp:attachment":[{"href":"https:\/\/www.durapalm.com\/es\/wp-json\/wp\/v2\/media?parent=1640"}],"curies":[{"name":"wp","href":"https:\/\/api.w.org\/{rel}","templated":true}]}}